{"id":549,"date":"2020-06-23T11:56:52","date_gmt":"2020-06-23T11:56:52","guid":{"rendered":"https:\/\/www.andreeagross.com\/?page_id=549"},"modified":"2020-10-27T09:44:51","modified_gmt":"2020-10-27T09:44:51","slug":"andreea-gross","status":"publish","type":"page","link":"https:\/\/www.andreeagross.com\/de\/about\/andreea-gross\/","title":{"rendered":"Andreea Gross"},"content":{"rendered":"<h1>Andreea Gross<\/h1>\n<h2>Curriculum vitae<\/h2>\n<p><strong>seit 2016<\/strong><br \/>\n<em>Estudio de Arquitectura . Andreea Gross<\/em><br \/>\nEigenes Planungsb\u00fcro f\u00fcr Innenarchitektur und Architektur auf La Palma und Lanzarote, Spanien<\/p>\n<p><strong>2012-2013<\/strong><br \/>\n<em>GIZ .\u00a0 Gesellschaft f\u00fcr Internationale Zusammenarbeit<\/em><br \/>\nBeraterin f\u00fcr Stadt- und Regionalplanung im Bereich Dezentralisierung f\u00fcr l\u00e4ndliche Entwicklung, der Kommunalverwaltung der Munizipien Gorongosa und Dondo, Sofala, Mosambik<\/p>\n<p><strong>2011-2014<\/strong><br \/>\n<em>ACCM Zavora Marine Lab<\/em><br \/>\n(ehrenamtlich) Entwurf, Planung und Bauleitung des \u201cForschungs- und Schulungszentrum f\u00fcr Meeresbiologie\u201d (ZaMaLa) in Zavora, Inhambane, Mosambik<\/p>\n<p><strong>2010-2011<\/strong><br \/>\n<em>Nadaya Arquitectos<\/em><br \/>\nMitarbeit in Architekturb\u00fcro, Lanzarote, Spanien<\/p>\n<p><strong>2007-2009<\/strong><br \/>\n<em>COAC Demarcaci\u00f3n de Lanzarote<\/em><br \/>\nReferentin \/ Gutachterin der Architektenkammer, Lanzarote, Spanien<\/p>\n<p><strong>2006-2007<\/strong><br \/>\n<em>ASFES Arquitectos sin fronteras<\/em><br \/>\nEntwurf, Planung und Bauleitung des \u201cSchulungszentrum f\u00fcr Erwachsenenausbildung\u201d in El Chal, Pet\u00e9n, Guatemala<\/p>\n<p><strong>2003-2006<\/strong><br \/>\n<em>SEAT S.A.<\/em><br \/>\nArchitektin, Internationale H\u00e4ndler \u2013 Bauberatung der Marketingabteilung, Barcelona, Spanien<\/p>\n<h2>Ausbildung<\/h2>\n<h3>Studium<\/h3>\n<p><em>zur Zeit<\/em><br \/>\n<strong>Anthropologie<\/strong>\u00a0(Antropolog\u00eda Social y Cultural) \u2013 UNED, Universidad Nacional de Educaci\u00f3n a Distancia<\/p>\n<p><em>Abschluss 2018<\/em><br \/>\n<strong>Especialista en Sistemas de Informaci\u00f3n Geogr\u00e1fica (SIG\/GIS) aplicados a la Ordenaci\u00f3n del Territorio, el Urbanismo y el Paisaje<\/strong>\u00a0\u2013\u00a0Universitat Polit\u00e9cnica de Val\u00e9ncia<\/p>\n<p><em>2016<\/em><br \/>\n<strong>BaseHabitat Summer School on modern earth architecture and bamboo construction<\/strong>\u00a0\u2013 Universit\u00e4t f\u00fcr k\u00fcnstlerische und industrielle Gestaltung, Linz<\/p>\n<p><em>Abschluss 2016<\/em><br \/>\n<strong>Disaster Risk Management<\/strong>\u00a0\u2013\u00a0IFRC und TISS Tata Institute of Social Sciences, Mumbai<\/p>\n<p><em>Abschluss 2013<\/em><br \/>\n<strong>Baubiologin<\/strong>\u00a0\u2013\u00a0Institut f\u00fcr Baubiologie + \u00d6kologie (IBN), Neubeuern<\/p>\n<p><em>2011-2013<\/em><br \/>\n<strong>Methodik und Didaktik des Fremdsprachlichen Deutschunterrichts<\/strong>\u00a0\u2013 Goethe Institut, Fernstudienkurs<\/p>\n<p><em>2010<\/em><br \/>\n<strong>Especialista en cooperaci\u00f3n para el desarrollo de asentamientos humanos en el tercer mundo<\/strong>\u00a0\u2013\u00a0Universidad Polit\u00e9cnica de Madrid, C\u00e1tedra UNESCO de Habitabilidad b\u00e1sica (CUHaB)<\/p>\n<p><em>Abschluss 2002<\/em><br \/>\n<strong>Dipl.Ing.Univ. Architektur<\/strong><\/p>\n<p><em>1999-2002<\/em><br \/>\nFakult\u00e4t f\u00fcr Architektur, Technische Universit\u00e4t M\u00fcnchen<\/p>\n<h3>weitere Kurse<\/h3>\n<p>2020, COAC TFE &#8211; Georreferenciaci\u00f3n y Coordinaci\u00f3n entre el Catastro y el Registro de la Propiedad<br \/>\n2020, COAC TFE \u2013 Informe de Evaluaci\u00f3n de Edificios<br \/>\n2019, FCM \u2013 Ante el antropoceno. Cuando la humanidad desborda los limites biof\u00edsicos del planeta<br \/>\n2019, COAC TFE \u2013 Arquimedes. Mediciones y presupuestos<br \/>\n2018, COAAT LZT \u2013 Valoraciones inmobiliarias<br \/>\n2017, EAWAG\u00a0 \u2013 Municipal Solid Waste Management in Development Countries<br \/>\n2014, Sphere Project \u2013 Sphere Handbook in Action<br \/>\n2014, IECAH \u2013 Acci\u00f3n humanitaria: fundamentos, marco jur\u00eddico y actores<br \/>\n2013, WBI \u2013 Sustainable Land Use Planning<br \/>\n2012, AIZ\/GIZ \u2013 Capacity Development in International Cooperation<br \/>\n2012, AIZ\/GIZ \u2013 Competencies in Consulting<br \/>\n2012, AIZ\/GIZ\u00a0 \u2013 Organizational Development<br \/>\n2012, ISF \u2013 Energ\u00eda y cooperaci\u00f3n para el desarrollo<br \/>\n2011, Univ. Verano LZT \u2013 Arquitectura Bio-clim\u00e1tica. Aplicaciones a Lanzarote<\/p>\n","protected":false},"excerpt":{"rendered":"<p>Andreea Gross Curriculum vitae seit 2016 Estudio de Arquitectura . Andreea Gross Eigenes Planungsb\u00fcro f\u00fcr Innenarchitektur und Architektur auf La [&hellip;]<\/p>\n","protected":false},"author":2,"featured_media":0,"parent":543,"menu_order":0,"comment_status":"closed","ping_status":"closed","template":"","meta":{"_uag_custom_page_level_css":"","site-sidebar-layout":"default","site-content-layout":"","ast-site-content-layout":"default","site-content-style":"default","site-sidebar-style":"default","ast-global-header-display":"","ast-banner-title-visibility":"","ast-main-header-display":"","ast-hfb-above-header-display":"","ast-hfb-below-header-display":"","ast-hfb-mobile-header-display":"","site-post-title":"","ast-breadcrumbs-content":"","ast-featured-img":"","footer-sml-layout":"","ast-disable-related-posts":"","theme-transparent-header-meta":"","adv-header-id-meta":"","stick-header-meta":"","header-above-stick-meta":"","header-main-stick-meta":"","header-below-stick-meta":"","astra-migrate-meta-layouts":"default","ast-page-background-enabled":"default","ast-page-background-meta":{"desktop":{"background-color":"var(--ast-global-color-4)","background-image":"","background-repeat":"repeat","background-position":"center center","background-size":"auto","background-attachment":"scroll","background-type":"","background-media":"","overlay-type":"","overlay-color":"","overlay-opacity":"","overlay-gradient":""},"tablet":{"background-color":"","background-image":"","background-repeat":"repeat","background-position":"center center","background-size":"auto","background-attachment":"scroll","background-type":"","background-media":"","overlay-type":"","overlay-color":"","overlay-opacity":"","overlay-gradient":""},"mobile":{"background-color":"","background-image":"","background-repeat":"repeat","background-position":"center center","background-size":"auto","background-attachment":"scroll","background-type":"","background-media":"","overlay-type":"","overlay-color":"","overlay-opacity":"","overlay-gradient":""}},"ast-content-background-meta":{"desktop":{"background-color":"var(--ast-global-color-5)","background-image":"","background-repeat":"repeat","background-position":"center center","background-size":"auto","background-attachment":"scroll","background-type":"","background-media":"","overlay-type":"","overlay-color":"","overlay-opacity":"","overlay-gradient":""},"tablet":{"background-color":"var(--ast-global-color-5)","background-image":"","background-repeat":"repeat","background-position":"center center","background-size":"auto","background-attachment":"scroll","background-type":"","background-media":"","overlay-type":"","overlay-color":"","overlay-opacity":"","overlay-gradient":""},"mobile":{"background-color":"var(--ast-global-color-5)","background-image":"","background-repeat":"repeat","background-position":"center center","background-size":"auto","background-attachment":"scroll","background-type":"","background-media":"","overlay-type":"","overlay-color":"","overlay-opacity":"","overlay-gradient":""}},"footnotes":""},"class_list":["post-549","page","type-page","status-publish","hentry"],"yoast_head":"<!-- This site is optimized with the Yoast SEO plugin v27.4 - https:\/\/yoast.com\/product\/yoast-seo-wordpress\/ -->\n<title>Andreea Gross - ANDREEA GROSS . ESTUDIO DE ARQUITECTURA<\/title>\n<meta name=\"robots\" content=\"index, follow, max-snippet:-1, max-image-preview:large, max-video-preview:-1\" \/>\n<link rel=\"canonical\" href=\"https:\/\/www.andreeagross.com\/de\/about\/andreea-gross\/\" \/>\n<meta property=\"og:locale\" content=\"de_DE\" \/>\n<meta property=\"og:type\" content=\"article\" \/>\n<meta property=\"og:title\" content=\"Andreea Gross - ANDREEA GROSS . ESTUDIO DE ARQUITECTURA\" \/>\n<meta property=\"og:description\" content=\"Andreea Gross Curriculum vitae seit 2016 Estudio de Arquitectura . Andreea Gross Eigenes Planungsb\u00fcro f\u00fcr Innenarchitektur und Architektur auf La [&hellip;]\" \/>\n<meta property=\"og:url\" content=\"https:\/\/www.andreeagross.com\/de\/about\/andreea-gross\/\" \/>\n<meta property=\"og:site_name\" content=\"ANDREEA GROSS . ESTUDIO DE ARQUITECTURA\" \/>\n<meta property=\"article:modified_time\" content=\"2020-10-27T09:44:51+00:00\" \/>\n<meta name=\"twitter:card\" content=\"summary_large_image\" \/>\n<meta name=\"twitter:label1\" content=\"Gesch\u00e4tzte Lesezeit\" \/>\n\t<meta name=\"twitter:data1\" content=\"2\u00a0Minuten\" \/>\n<script type=\"application\/ld+json\" class=\"yoast-schema-graph\">{\"@context\":\"https:\\\/\\\/schema.org\",\"@graph\":[{\"@type\":\"WebPage\",\"@id\":\"https:\\\/\\\/www.andreeagross.com\\\/de\\\/about\\\/andreea-gross\\\/\",\"url\":\"https:\\\/\\\/www.andreeagross.com\\\/de\\\/about\\\/andreea-gross\\\/\",\"name\":\"Andreea Gross - ANDREEA GROSS . ESTUDIO DE ARQUITECTURA\",\"isPartOf\":{\"@id\":\"https:\\\/\\\/www.andreeagross.com\\\/de\\\/#website\"},\"datePublished\":\"2020-06-23T11:56:52+00:00\",\"dateModified\":\"2020-10-27T09:44:51+00:00\",\"breadcrumb\":{\"@id\":\"https:\\\/\\\/www.andreeagross.com\\\/de\\\/about\\\/andreea-gross\\\/#breadcrumb\"},\"inLanguage\":\"de\",\"potentialAction\":[{\"@type\":\"ReadAction\",\"target\":[\"https:\\\/\\\/www.andreeagross.com\\\/de\\\/about\\\/andreea-gross\\\/\"]}]},{\"@type\":\"BreadcrumbList\",\"@id\":\"https:\\\/\\\/www.andreeagross.com\\\/de\\\/about\\\/andreea-gross\\\/#breadcrumb\",\"itemListElement\":[{\"@type\":\"ListItem\",\"position\":1,\"name\":\"Home\",\"item\":\"https:\\\/\\\/www.andreeagross.com\\\/de\\\/\"},{\"@type\":\"ListItem\",\"position\":2,\"name\":\"About\",\"item\":\"https:\\\/\\\/www.andreeagross.com\\\/de\\\/about\\\/\"},{\"@type\":\"ListItem\",\"position\":3,\"name\":\"Andreea Gross\"}]},{\"@type\":\"WebSite\",\"@id\":\"https:\\\/\\\/www.andreeagross.com\\\/de\\\/#website\",\"url\":\"https:\\\/\\\/www.andreeagross.com\\\/de\\\/\",\"name\":\"ANDREEA GROSS . ESTUDIO DE ARQUITECTURA\",\"description\":\"home\",\"publisher\":{\"@id\":\"https:\\\/\\\/www.andreeagross.com\\\/de\\\/#organization\"},\"potentialAction\":[{\"@type\":\"SearchAction\",\"target\":{\"@type\":\"EntryPoint\",\"urlTemplate\":\"https:\\\/\\\/www.andreeagross.com\\\/de\\\/?s={search_term_string}\"},\"query-input\":{\"@type\":\"PropertyValueSpecification\",\"valueRequired\":true,\"valueName\":\"search_term_string\"}}],\"inLanguage\":\"de\"},{\"@type\":\"Organization\",\"@id\":\"https:\\\/\\\/www.andreeagross.com\\\/de\\\/#organization\",\"name\":\"ANDREEA GROSS . ESTUDIO DE ARQUITECTURA\",\"url\":\"https:\\\/\\\/www.andreeagross.com\\\/de\\\/\",\"logo\":{\"@type\":\"ImageObject\",\"inLanguage\":\"de\",\"@id\":\"https:\\\/\\\/www.andreeagross.com\\\/de\\\/#\\\/schema\\\/logo\\\/image\\\/\",\"url\":\"https:\\\/\\\/www.andreeagross.com\\\/wp-content\\\/uploads\\\/LOGO-small.jpg\",\"contentUrl\":\"https:\\\/\\\/www.andreeagross.com\\\/wp-content\\\/uploads\\\/LOGO-small.jpg\",\"width\":200,\"height\":108,\"caption\":\"ANDREEA GROSS . ESTUDIO DE ARQUITECTURA\"},\"image\":{\"@id\":\"https:\\\/\\\/www.andreeagross.com\\\/de\\\/#\\\/schema\\\/logo\\\/image\\\/\"}}]}<\/script>\n<!-- \/ Yoast SEO plugin. -->","yoast_head_json":{"title":"Andreea Gross - ANDREEA GROSS . ESTUDIO DE ARQUITECTURA","robots":{"index":"index","follow":"follow","max-snippet":"max-snippet:-1","max-image-preview":"max-image-preview:large","max-video-preview":"max-video-preview:-1"},"canonical":"https:\/\/www.andreeagross.com\/de\/about\/andreea-gross\/","og_locale":"de_DE","og_type":"article","og_title":"Andreea Gross - ANDREEA GROSS . ESTUDIO DE ARQUITECTURA","og_description":"Andreea Gross Curriculum vitae seit 2016 Estudio de Arquitectura . Andreea Gross Eigenes Planungsb\u00fcro f\u00fcr Innenarchitektur und Architektur auf La [&hellip;]","og_url":"https:\/\/www.andreeagross.com\/de\/about\/andreea-gross\/","og_site_name":"ANDREEA GROSS . ESTUDIO DE ARQUITECTURA","article_modified_time":"2020-10-27T09:44:51+00:00","twitter_card":"summary_large_image","twitter_misc":{"Gesch\u00e4tzte Lesezeit":"2\u00a0Minuten"},"schema":{"@context":"https:\/\/schema.org","@graph":[{"@type":"WebPage","@id":"https:\/\/www.andreeagross.com\/de\/about\/andreea-gross\/","url":"https:\/\/www.andreeagross.com\/de\/about\/andreea-gross\/","name":"Andreea Gross - ANDREEA GROSS . ESTUDIO DE ARQUITECTURA","isPartOf":{"@id":"https:\/\/www.andreeagross.com\/de\/#website"},"datePublished":"2020-06-23T11:56:52+00:00","dateModified":"2020-10-27T09:44:51+00:00","breadcrumb":{"@id":"https:\/\/www.andreeagross.com\/de\/about\/andreea-gross\/#breadcrumb"},"inLanguage":"de","potentialAction":[{"@type":"ReadAction","target":["https:\/\/www.andreeagross.com\/de\/about\/andreea-gross\/"]}]},{"@type":"BreadcrumbList","@id":"https:\/\/www.andreeagross.com\/de\/about\/andreea-gross\/#breadcrumb","itemListElement":[{"@type":"ListItem","position":1,"name":"Home","item":"https:\/\/www.andreeagross.com\/de\/"},{"@type":"ListItem","position":2,"name":"About","item":"https:\/\/www.andreeagross.com\/de\/about\/"},{"@type":"ListItem","position":3,"name":"Andreea Gross"}]},{"@type":"WebSite","@id":"https:\/\/www.andreeagross.com\/de\/#website","url":"https:\/\/www.andreeagross.com\/de\/","name":"ANDREEA GROSS . ESTUDIO DE ARQUITECTURA","description":"home","publisher":{"@id":"https:\/\/www.andreeagross.com\/de\/#organization"},"potentialAction":[{"@type":"SearchAction","target":{"@type":"EntryPoint","urlTemplate":"https:\/\/www.andreeagross.com\/de\/?s={search_term_string}"},"query-input":{"@type":"PropertyValueSpecification","valueRequired":true,"valueName":"search_term_string"}}],"inLanguage":"de"},{"@type":"Organization","@id":"https:\/\/www.andreeagross.com\/de\/#organization","name":"ANDREEA GROSS . ESTUDIO DE ARQUITECTURA","url":"https:\/\/www.andreeagross.com\/de\/","logo":{"@type":"ImageObject","inLanguage":"de","@id":"https:\/\/www.andreeagross.com\/de\/#\/schema\/logo\/image\/","url":"https:\/\/www.andreeagross.com\/wp-content\/uploads\/LOGO-small.jpg","contentUrl":"https:\/\/www.andreeagross.com\/wp-content\/uploads\/LOGO-small.jpg","width":200,"height":108,"caption":"ANDREEA GROSS . ESTUDIO DE ARQUITECTURA"},"image":{"@id":"https:\/\/www.andreeagross.com\/de\/#\/schema\/logo\/image\/"}}]}},"spectra_custom_meta":{"_edit_lock":["1720073655:2"],"_edit_last":["2"],"_wpml_media_duplicate":["1"],"_wpml_media_featured":["1"],"_yoast_wpseo_content_score":["30"],"_wpml_word_count":["{\"total\":392,\"to_translate\":{\"es\":392}}"],"_uag_migration_processed":["1"],"copied_media_ids":["a:0:{}"],"referenced_media_ids":["a:0:{}"],"_uag_page_assets":["a:9:{s:3:\"css\";s:0:\"\";s:2:\"js\";s:0:\"\";s:18:\"current_block_list\";a:0:{}s:8:\"uag_flag\";b:0;s:11:\"uag_version\";s:10:\"1777265442\";s:6:\"gfonts\";a:0:{}s:10:\"gfonts_url\";s:0:\"\";s:12:\"gfonts_files\";a:0:{}s:14:\"uag_faq_layout\";b:0;}"]},"uagb_featured_image_src":{"full":false,"thumbnail":false,"medium":false,"medium_large":false,"large":false,"1536x1536":false,"2048x2048":false},"uagb_author_info":{"display_name":"itlapalma","author_link":"https:\/\/www.andreeagross.com\/de\/author\/itlapalma\/"},"uagb_comment_info":0,"uagb_excerpt":"Andreea Gross Curriculum vitae seit 2016 Estudio de Arquitectura . Andreea Gross Eigenes Planungsb\u00fcro f\u00fcr Innenarchitektur und Architektur auf La [&hellip;]","_links":{"self":[{"href":"https:\/\/www.andreeagross.com\/de\/wp-json\/wp\/v2\/pages\/549","targetHints":{"allow":["GET"]}}],"collection":[{"href":"https:\/\/www.andreeagross.com\/de\/wp-json\/wp\/v2\/pages"}],"about":[{"href":"https:\/\/www.andreeagross.com\/de\/wp-json\/wp\/v2\/types\/page"}],"author":[{"embeddable":true,"href":"https:\/\/www.andreeagross.com\/de\/wp-json\/wp\/v2\/users\/2"}],"replies":[{"embeddable":true,"href":"https:\/\/www.andreeagross.com\/de\/wp-json\/wp\/v2\/comments?post=549"}],"version-history":[{"count":0,"href":"https:\/\/www.andreeagross.com\/de\/wp-json\/wp\/v2\/pages\/549\/revisions"}],"up":[{"embeddable":true,"href":"https:\/\/www.andreeagross.com\/de\/wp-json\/wp\/v2\/pages\/543"}],"wp:attachment":[{"href":"https:\/\/www.andreeagross.com\/de\/wp-json\/wp\/v2\/media?parent=549"}],"curies":[{"name":"wp","href":"https:\/\/api.w.org\/{rel}","templated":true}]}}